{"id":4850,"date":"2025-06-03T10:44:34","date_gmt":"2025-06-03T08:44:34","guid":{"rendered":"https:\/\/jvdwoo2025.dnstemporaire.fr\/?page_id=4850"},"modified":"2025-09-17T14:20:12","modified_gmt":"2025-09-17T12:20:12","slug":"hair-dryers","status":"publish","type":"page","link":"https:\/\/www.jvd.mx\/en\/hair-dryers\/","title":{"rendered":"Hair Dryers"},"content":{"rendered":"\n<div class=\"wp-block-group is-layout-flow wp-block-group-is-layout-flow\" style=\"margin-top:0;margin-bottom:var(--wp--preset--spacing--100);padding-bottom:0\">\n<h2 class=\"wp-block-heading\">An essential part of the hotel guest experience<\/h2>\n\n\n\n<div class=\"wp-block-columns is-layout-flex wp-container-core-columns-is-layout-f6ee69ff wp-block-columns-is-layout-flex\" style=\"margin-bottom:var(--wp--preset--spacing--50)\">\n<div class=\"wp-block-column is-layout-flow wp-block-column-is-layout-flow\">\n<p>Hair dryers are now a standard feature, not just in high-end establishments. To ensure guest satisfaction, hotel hair dryers must combine performance, safety, user comfort and seamless aesthetic integration within the bathroom. They must also be robust enough to withstand frequent or even improper use while minimising the need for maintenance.<\/p>\n<\/div>\n\n\n\n<div class=\"wp-block-column is-layout-flow wp-block-column-is-layout-flow\">\n<p style=\"padding-top:0;padding-bottom:0\">JVD meets these needs with a comprehensive range of hair dryers specifically designed for the hospitality sector. Whether through compact design, tailored features or compliance with the strictest electrical safety standards, JVD\u2019s wall-mounted, support-mounted or hand-held hair dryers combine innovation, durability and elegance to offer hotels reliable solutions for their guests.<\/p>\n<\/div>\n<\/div>\n\n\n\n<div class=\"wp-block-buttons is-content-justification-center is-layout-flex wp-container-core-buttons-is-layout-a89b3969 wp-block-buttons-is-layout-flex\">\n<div class=\"wp-block-button is-style-secondary-button\"><a class=\"wp-block-button__link wp-element-button\" href=\"https:\/\/www.jvd.mx\/en\/category\/hair-dryers\/\">See all products<\/a><\/div>\n<\/div>\n<\/div>\n\n\n\n<div class=\"wp-block-group is-layout-flow wp-block-group-is-layout-flow\" style=\"margin-bottom:var(--wp--preset--spacing--100);padding-bottom:0\">\n<h2 class=\"wp-block-heading has-text-align-center\">Which hair dryer is right for your hotel bathroom?<\/h2>\n\n\n\n<div id=\"wp-block-jvd-cards-block_94e968edb4c278f318ed2accb2c8dc6e\" style=\"margin-bottom:var(--wp--preset--spacing--50);\" class=\"wp-block-jvd-cards align wp-block-acf-cards\">\n\t    <div class=\"swiper jvd-carousel js_cards\" data-display=\"carrousel\">\n        <div class=\"swiper__nav\">\n            <div class=\"swiper__nav__prev js_cards_prev\">\n                <svg width=\"13\" height=\"20\" aria-hidden=\"true\" role=\"presentation\"><use xlink:href=\"#slide-prev\"\/><\/svg>\n            <\/div>\n            <div class=\"swiper__nav__next js_cards_next\">\n                <svg width=\"13\" height=\"20\" aria-hidden=\"true\" role=\"presentation\"><use xlink:href=\"#slide-next\"\/><\/svg>\n            <\/div>\n        <\/div>\n        <div class=\"swiper-wrapper\">\n                        <div class=\"swiper-slide\">\n                <div class=\"jvd-card\" data-link=\"1\" data-img-ratio=\"square\" data-text-pos=\"under\">\n                                        <figure class=\"jvd-card__img\">\n                                                    <img decoding=\"async\" src=\"https:\/\/www.jvd.mx\/wp-content\/uploads\/2025\/06\/categorie-confort-hotellerie-seche-cheveux-on-off-jvd.jpg\" width=\"600\" height=\"400\" alt=\"Cat\u00e9gorie Confort Hotellerie S\u00e8che Cheveux lightouch JVD\" loading=\"lazy\" \/>\n                                            <\/figure>\n                    <div class=\"jvd-card__content\">\n                                                <h3 class=\"jvd-card__title\">\n                                                        <a href=\"https:\/\/www.jvd.mx\/en\/category\/hair-dryers-lightouch\/\">\n                                                        LighTouch Hair Dryers                                                        <\/a>\n                                                    <\/h3>\n                                                <p class=\"jvd-card__text\">The Lightouch handle is a concentration of technological innovation. It activates the hair dryer simply by being picked up, reducing energy consumption and extending the product\u2019s lifespan.<\/p>\n                    <\/div>\n                <\/div>\n            <\/div>\n                        <div class=\"swiper-slide\">\n                <div class=\"jvd-card\" data-link=\"1\" data-img-ratio=\"square\" data-text-pos=\"under\">\n                                        <figure class=\"jvd-card__img\">\n                                                    <img decoding=\"async\" src=\"https:\/\/www.jvd.mx\/wp-content\/uploads\/2025\/06\/categorie-confort-hotellerie-seche-cheveux-on-off-jvd-2.jpg\" width=\"600\" height=\"400\" alt=\"Cat\u00e9gorie Confort Hotellerie S\u00e8che Cheveux ON OFF JVD (2)\" loading=\"lazy\" \/>\n                                            <\/figure>\n                    <div class=\"jvd-card__content\">\n                                                <h3 class=\"jvd-card__title\">\n                                                        <a href=\"https:\/\/www.jvd.mx\/en\/category\/hair-dryers-on-off\/\">\n                                                        On\/Off Hair Dryers                                                        <\/a>\n                                                    <\/h3>\n                                                <p class=\"jvd-card__text\">With a classic on\/off button and a more traditional design, these dryers offer a familiar experience, just like at home.<\/p>\n                    <\/div>\n                <\/div>\n            <\/div>\n                        <div class=\"swiper-slide\">\n                <div class=\"jvd-card\" data-link=\"1\" data-img-ratio=\"square\" data-text-pos=\"under\">\n                                        <figure class=\"jvd-card__img\">\n                                                    <img decoding=\"async\" src=\"https:\/\/www.jvd.mx\/wp-content\/uploads\/2025\/06\/categorie-confort-hotellerie-seche-cheveux-flexible-jvd.jpg\" width=\"600\" height=\"400\" alt=\"Cat\u00e9gorie Confort Hotellerie S\u00e8che Cheveux Flexible JVD\" loading=\"lazy\" \/>\n                                            <\/figure>\n                    <div class=\"jvd-card__content\">\n                                                <h3 class=\"jvd-card__title\">\n                                                        <a href=\"https:\/\/www.jvd.mx\/en\/category\/hair-dryers-hoses\/\">\n                                                        Wall-Mounted Flexible Hose Hair Dryers                                                        <\/a>\n                                                    <\/h3>\n                                                <p class=\"jvd-card__text\">Ideal for environments with strict electrical safety requirements, this range combines timeless design with compact dimensions.<\/p>\n                    <\/div>\n                <\/div>\n            <\/div>\n                        <div class=\"swiper-slide\">\n                <div class=\"jvd-card\" data-link=\"1\" data-img-ratio=\"square\" data-text-pos=\"under\">\n                                        <figure class=\"jvd-card__img\">\n                                                    <img decoding=\"async\" src=\"https:\/\/www.jvd.mx\/wp-content\/uploads\/2025\/06\/seche-cheveux-accessoires-1000-jvd-600x600.jpg\" width=\"600\" height=\"600\" alt=\"\" loading=\"lazy\" \/>\n                                            <\/figure>\n                    <div class=\"jvd-card__content\">\n                                                <h3 class=\"jvd-card__title\">\n                                                        <a href=\"https:\/\/www.jvd.mx\/en\/category\/hair-dryers-accessories\/\">\n                                                        Accessories                                                        <\/a>\n                                                    <\/h3>\n                                                <p class=\"jvd-card__text\">Anti-theft mounts, storage bags\u2026 everything you need for your hair dryers.<\/p>\n                    <\/div>\n                <\/div>\n            <\/div>\n                        <div class=\"swiper-slide\">\n                <div class=\"jvd-card\" data-link=\"1\" data-img-ratio=\"square\" data-text-pos=\"under\">\n                                        <figure class=\"jvd-card__img\">\n                                                    <img decoding=\"async\" src=\"https:\/\/www.jvd.mx\/wp-content\/uploads\/2025\/06\/categorie-confort-hotellerie-seche-cheveux-collectif-jvd.jpg\" width=\"600\" height=\"400\" alt=\"Cat\u00e9gorie Confort Hotellerie S\u00e8che Cheveux Collectif JVD\" loading=\"lazy\" \/>\n                                            <\/figure>\n                    <div class=\"jvd-card__content\">\n                                                <h3 class=\"jvd-card__title\">\n                                                        <a href=\"https:\/\/www.jvd.mx\/en\/category\/communal-hair-dryers-hotels\/\">\n                                                        Shared Area Hair Dryers                                                        <\/a>\n                                                    <\/h3>\n                                                <p class=\"jvd-card__text\">Whether for swimming pools, gyms or spa areas, our dryers are adapted to each specific environment.<\/p>\n                    <\/div>\n                <\/div>\n            <\/div>\n                    <\/div>\n    <\/div>\n    <\/div>\n<\/div>\n\n\n\n<div class=\"wp-block-columns is-layout-flex wp-container-core-columns-is-layout-59a2bf7c wp-block-columns-is-layout-flex\" style=\"margin-bottom:var(--wp--preset--spacing--100)\">\n<div class=\"wp-block-column is-layout-flow wp-block-column-is-layout-flow\">\n<figure class=\"wp-block-image size-portrait has-custom-border is-style-rounded\"><img loading=\"lazy\" decoding=\"async\" width=\"600\" height=\"800\" src=\"https:\/\/www.jvd.mx\/wp-content\/uploads\/2025\/06\/seche-cheveux-hotel-confort-ambiance-600x800.jpg\" alt=\"\" class=\"wp-image-4580\" style=\"border-radius:20px\"\/><\/figure>\n<\/div>\n\n\n\n<div class=\"wp-block-column is-vertically-aligned-center is-layout-flow wp-block-column-is-layout-flow\" style=\"border-style:none;border-width:0px\">\n<h2 class=\"wp-block-heading\">Hair dryers designed to meet hotel requirements<\/h2>\n\n\n\n<p style=\"border-radius:38px\">As essential bathroom equipment, hotel hair dryers must meet specific demands.<\/p>\n\n\n\n<ul class=\"wp-block-list\">\n<li>They must be built for heavy use, comply with strict safety standards, prevent misuse (such as drying clothes or shoes, or attempted theft), and offer an optimal user experience.<\/li>\n<\/ul>\n\n\n\n<ul class=\"wp-block-list\">\n<li>Gr\u00e2ce \u00e0 des innovations comme la poign\u00e9e LighTouch, le timer int\u00e9gr\u00e9 ou les syst\u00e8mes antivol, les s\u00e8che-cheveux JVD allient robustesse, praticit\u00e9 et \u00e9l\u00e9gance. <\/li>\n<\/ul>\n\n\n\n<ul class=\"wp-block-list\">\n<li>Easy to integrate into the bathroom layout, our models are available with stylish wall brackets that include an international shaver socket, for universally comfortable use.<\/li>\n<\/ul>\n<\/div>\n<\/div>\n\n\n\n<div class=\"wp-block-group has-global-padding is-layout-constrained wp-block-group-is-layout-constrained\" style=\"margin-bottom:var(--wp--preset--spacing--100)\">\n<h2 class=\"wp-block-heading has-text-align-center\">Frequently Asked Questions<\/h2>\n\n\n\n<div id=\"wp-block-jvd-faq-block_53a70093d22e89231d2065e6a76fe18c\" class=\"wp-block-jvd-faq align wp-block-acf-faq\">\n\t<div class=\"jvd-faq\">\n\t\t\t\t<div class=\"jvd-faq__item\" itemscope itemprop=\"mainEntity\" itemtype=\"https:\/\/schema.org\/Question\">\n\t\t\t<div class=\"jvd-faq__question\" itemprop=\"name\">\n\t\t\t\t<span>What power should I choose for a hotel hair dryer?<\/span>\n\t\t\t\t<button type=\"button\">\n\t\t\t\t\t<svg width=\"20\" height=\"20\" aria-hidden=\"true\" role=\"presentation\"><use xlink:href=\"#chevron-down\"\/><\/svg>\n\t\t\t\t<\/button>\n\t\t\t<\/div>\n\t\t\t<div class=\"jvd-faq__answer\" itemscope itemprop=\"acceptedAnswer\" itemtype=\"https:\/\/schema.org\/Answer\">\n\t\t\t\t<p>Contrary to popular belief, a hair dryer\u2019s performance is not just about power. While wattage can be an indicator, some dryers offer better results thanks to smarter design, even at lower power, meaning reduced energy consumption. Additionally, not all hair types benefit from very hot or intense airflow. It\u2019s important to offer guests adjustable speed and heat settings for a safer and more personalised drying experience.<\/p>\n\t\t\t<\/div>\n\t\t<\/div>\n\t\t\t\t<div class=\"jvd-faq__item\" itemscope itemprop=\"mainEntity\" itemtype=\"https:\/\/schema.org\/Question\">\n\t\t\t<div class=\"jvd-faq__question\" itemprop=\"name\">\n\t\t\t\t<span>Why choose an ionic system for a hotel hair dryer?<\/span>\n\t\t\t\t<button type=\"button\">\n\t\t\t\t\t<svg width=\"20\" height=\"20\" aria-hidden=\"true\" role=\"presentation\"><use xlink:href=\"#chevron-down\"\/><\/svg>\n\t\t\t\t<\/button>\n\t\t\t<\/div>\n\t\t\t<div class=\"jvd-faq__answer\" itemscope itemprop=\"acceptedAnswer\" itemtype=\"https:\/\/schema.org\/Answer\">\n\t\t\t\t<p data-start=\"402\" data-end=\"711\">Some hair dryers come with an ionic system. The ions produced neutralise static electricity generated during drying. Combined with lower heat, this helps dry hair faster and more smoothly.<\/p>\n\t\t\t<\/div>\n\t\t<\/div>\n\t\t\t\t<div class=\"jvd-faq__item\" itemscope itemprop=\"mainEntity\" itemtype=\"https:\/\/schema.org\/Question\">\n\t\t\t<div class=\"jvd-faq__question\" itemprop=\"name\">\n\t\t\t\t<span>Where should a hotel hair dryer be installed in the bathroom?<\/span>\n\t\t\t\t<button type=\"button\">\n\t\t\t\t\t<svg width=\"20\" height=\"20\" aria-hidden=\"true\" role=\"presentation\"><use xlink:href=\"#chevron-down\"\/><\/svg>\n\t\t\t\t<\/button>\n\t\t\t<\/div>\n\t\t\t<div class=\"jvd-faq__answer\" itemscope itemprop=\"acceptedAnswer\" itemtype=\"https:\/\/schema.org\/Answer\">\n\t\t\t\t<p>To ensure guest safety, the NFC 15100 standard defines how far electrical appliances must be from water sources such as showers or bathtubs. Only flexible hose dryers can be installed in proximity (volume 2). All other types must be installed in volume 3.<\/p>\n\t\t\t<\/div>\n\t\t<\/div>\n\t\t\t\t<div class=\"jvd-faq__item\" itemscope itemprop=\"mainEntity\" itemtype=\"https:\/\/schema.org\/Question\">\n\t\t\t<div class=\"jvd-faq__question\" itemprop=\"name\">\n\t\t\t\t<span>Why choose a wall-mounted hair dryer for a hotel?<\/span>\n\t\t\t\t<button type=\"button\">\n\t\t\t\t\t<svg width=\"20\" height=\"20\" aria-hidden=\"true\" role=\"presentation\"><use xlink:href=\"#chevron-down\"\/><\/svg>\n\t\t\t\t<\/button>\n\t\t\t<\/div>\n\t\t\t<div class=\"jvd-faq__answer\" itemscope itemprop=\"acceptedAnswer\" itemtype=\"https:\/\/schema.org\/Answer\">\n\t\t\t\t<p>A wall-mounted hair dryer saves space by keeping surfaces clear, and it reduces the risk of falls through secure mounting. These models are also typically more durable and built to withstand heavy use, making them well-suited for hotel environments.<\/p>\n\t\t\t<\/div>\n\t\t<\/div>\n\t\t\t\t<div class=\"jvd-faq__item\" itemscope itemprop=\"mainEntity\" itemtype=\"https:\/\/schema.org\/Question\">\n\t\t\t<div class=\"jvd-faq__question\" itemprop=\"name\">\n\t\t\t\t<span>How can hotels reduce the environmental impact of hair dryers?<\/span>\n\t\t\t\t<button type=\"button\">\n\t\t\t\t\t<svg width=\"20\" height=\"20\" aria-hidden=\"true\" role=\"presentation\"><use xlink:href=\"#chevron-down\"\/><\/svg>\n\t\t\t\t<\/button>\n\t\t\t<\/div>\n\t\t\t<div class=\"jvd-faq__answer\" itemscope itemprop=\"acceptedAnswer\" itemtype=\"https:\/\/schema.org\/Answer\">\n\t\t\t\t<p>To minimise environmental impact, it\u2019s important to choose high-performance, energy-efficient models like the Auva dryer, which delivers 1400W of power with the same effectiveness as more powerful units. JVD\u2019s Lightouch handle also helps reduce electricity use by switching off automatically. Choosing long-lasting professional-grade dryers further reduces electronic waste and the hotel\u2019s overall carbon footprint.<\/p>\n\t\t\t<\/div>\n\t\t<\/div>\n\t\t\t<\/div>\n<\/div>\n<\/div>\n\n\n\n<div class=\"wp-block-group has-lightgrey-background-color has-background is-layout-flow wp-block-group-is-layout-flow\" style=\"border-radius:20px;padding-top:var(--wp--preset--spacing--75);padding-right:var(--wp--preset--spacing--75);padding-bottom:var(--wp--preset--spacing--75);padding-left:var(--wp--preset--spacing--75)\">\n<h2 class=\"wp-block-heading has-text-align-center\">Want to know more<br>about our products?<\/h2>\n\n\n\n<p class=\"has-text-align-center\">Whether you need product information or expert advice,<br>feel free to reach out for a video call or a phone conversation.<\/p>\n\n\n\n<div class=\"wp-block-buttons is-content-justification-center is-layout-flex wp-container-core-buttons-is-layout-a89b3969 wp-block-buttons-is-layout-flex\">\n<div class=\"wp-block-button is-style-fill\"><a class=\"wp-block-button__link wp-element-button\" href=\"https:\/\/www.jvd.mx\/en\/contact-form\/\">Contact us<\/a><\/div>\n<\/div>\n<\/div>\n","protected":false},"excerpt":{"rendered":"<p>An essential part of the hotel guest experience Hair dryers are now a standard feature, not just in high-end establishments. To ensure guest satisfaction, hotel hair dryers must combine performance, safety, user comfort and seamless aesthetic integration within the bathroom. They must also be robust enough to withstand frequent or even improper use while minimising [&hellip;]<\/p>\n","protected":false},"author":1,"featured_media":4414,"parent":0,"menu_order":0,"comment_status":"closed","ping_status":"closed","template":"","meta":{"_acf_changed":false,"_searchwp_excluded":"","inline_featured_image":false,"footnotes":""},"class_list":["post-4850","page","type-page","status-publish","has-post-thumbnail","hentry"],"acf":[],"yoast_head":"<!-- This site is optimized with the Yoast SEO plugin v27.1.1 - https:\/\/yoast.com\/product\/yoast-seo-wordpress\/ -->\n<title>Hair Dryers - JVD<\/title>\n<meta name=\"description\" content=\"JVD meets these needs with a comprehensive range of hair dryers specifically designed for the hospitality sector.\" \/>\n<meta name=\"robots\" content=\"index, follow, max-snippet:-1, max-image-preview:large, max-video-preview:-1\" \/>\n<link rel=\"canonical\" href=\"https:\/\/www.jvd.mx\/en\/hair-dryers\/\" \/>\n<meta property=\"og:locale\" content=\"en_US\" \/>\n<meta property=\"og:type\" content=\"article\" \/>\n<meta property=\"og:title\" content=\"Hair Dryers - JVD\" \/>\n<meta property=\"og:description\" content=\"JVD meets these needs with a comprehensive range of hair dryers specifically designed for the hospitality sector.\" \/>\n<meta property=\"og:url\" content=\"https:\/\/www.jvd.mx\/en\/hair-dryers\/\" \/>\n<meta property=\"og:site_name\" content=\"JVD\" \/>\n<meta property=\"article:modified_time\" content=\"2025-09-17T12:20:12+00:00\" \/>\n<meta property=\"og:image\" content=\"https:\/\/www.jvd.mx\/wp-content\/uploads\/2025\/05\/seche-cheveux-auva-aluminium-image-accueil-jvd.jpg\" \/>\n\t<meta property=\"og:image:width\" content=\"1920\" \/>\n\t<meta property=\"og:image:height\" content=\"820\" \/>\n\t<meta property=\"og:image:type\" content=\"image\/jpeg\" \/>\n<script type=\"application\/ld+json\" class=\"yoast-schema-graph\">{\"@context\":\"https:\/\/schema.org\",\"@graph\":[{\"@type\":\"WebPage\",\"@id\":\"https:\/\/www.jvd.mx\/en\/hair-dryers\/\",\"url\":\"https:\/\/www.jvd.mx\/en\/hair-dryers\/\",\"name\":\"Hair Dryers - JVD\",\"isPartOf\":{\"@id\":\"https:\/\/www.jvd.mx\/en\/#website\"},\"primaryImageOfPage\":{\"@id\":\"https:\/\/www.jvd.mx\/en\/hair-dryers\/#primaryimage\"},\"image\":{\"@id\":\"https:\/\/www.jvd.mx\/en\/hair-dryers\/#primaryimage\"},\"thumbnailUrl\":\"https:\/\/www.jvd.mx\/wp-content\/uploads\/2025\/05\/seche-cheveux-auva-aluminium-image-accueil-jvd.jpg\",\"datePublished\":\"2025-06-03T08:44:34+00:00\",\"dateModified\":\"2025-09-17T12:20:12+00:00\",\"description\":\"JVD meets these needs with a comprehensive range of hair dryers specifically designed for the hospitality sector.\",\"breadcrumb\":{\"@id\":\"https:\/\/www.jvd.mx\/en\/hair-dryers\/#breadcrumb\"},\"inLanguage\":\"en-US\",\"potentialAction\":[{\"@type\":\"ReadAction\",\"target\":[\"https:\/\/www.jvd.mx\/en\/hair-dryers\/\"]}]},{\"@type\":\"ImageObject\",\"inLanguage\":\"en-US\",\"@id\":\"https:\/\/www.jvd.mx\/en\/hair-dryers\/#primaryimage\",\"url\":\"https:\/\/www.jvd.mx\/wp-content\/uploads\/2025\/05\/seche-cheveux-auva-aluminium-image-accueil-jvd.jpg\",\"contentUrl\":\"https:\/\/www.jvd.mx\/wp-content\/uploads\/2025\/05\/seche-cheveux-auva-aluminium-image-accueil-jvd.jpg\",\"width\":1920,\"height\":820},{\"@type\":\"BreadcrumbList\",\"@id\":\"https:\/\/www.jvd.mx\/en\/hair-dryers\/#breadcrumb\",\"itemListElement\":[{\"@type\":\"ListItem\",\"position\":1,\"name\":\"Accueil\",\"item\":\"https:\/\/www.jvd.mx\/en\/\"},{\"@type\":\"ListItem\",\"position\":2,\"name\":\"Hair Dryers\"}]},{\"@type\":\"WebSite\",\"@id\":\"https:\/\/www.jvd.mx\/en\/#website\",\"url\":\"https:\/\/www.jvd.mx\/en\/\",\"name\":\"JVD\",\"description\":\"Products that care\",\"potentialAction\":[{\"@type\":\"SearchAction\",\"target\":{\"@type\":\"EntryPoint\",\"urlTemplate\":\"https:\/\/www.jvd.mx\/en\/?s={search_term_string}\"},\"query-input\":{\"@type\":\"PropertyValueSpecification\",\"valueRequired\":true,\"valueName\":\"search_term_string\"}}],\"inLanguage\":\"en-US\"}]}<\/script>\n<!-- \/ Yoast SEO plugin. -->","yoast_head_json":{"title":"Hair Dryers - JVD","description":"JVD meets these needs with a comprehensive range of hair dryers specifically designed for the hospitality sector.","robots":{"index":"index","follow":"follow","max-snippet":"max-snippet:-1","max-image-preview":"max-image-preview:large","max-video-preview":"max-video-preview:-1"},"canonical":"https:\/\/www.jvd.mx\/en\/hair-dryers\/","og_locale":"en_US","og_type":"article","og_title":"Hair Dryers - JVD","og_description":"JVD meets these needs with a comprehensive range of hair dryers specifically designed for the hospitality sector.","og_url":"https:\/\/www.jvd.mx\/en\/hair-dryers\/","og_site_name":"JVD","article_modified_time":"2025-09-17T12:20:12+00:00","og_image":[{"width":1920,"height":820,"url":"https:\/\/www.jvd.mx\/wp-content\/uploads\/2025\/05\/seche-cheveux-auva-aluminium-image-accueil-jvd.jpg","type":"image\/jpeg"}],"schema":{"@context":"https:\/\/schema.org","@graph":[{"@type":"WebPage","@id":"https:\/\/www.jvd.mx\/en\/hair-dryers\/","url":"https:\/\/www.jvd.mx\/en\/hair-dryers\/","name":"Hair Dryers - JVD","isPartOf":{"@id":"https:\/\/www.jvd.mx\/en\/#website"},"primaryImageOfPage":{"@id":"https:\/\/www.jvd.mx\/en\/hair-dryers\/#primaryimage"},"image":{"@id":"https:\/\/www.jvd.mx\/en\/hair-dryers\/#primaryimage"},"thumbnailUrl":"https:\/\/www.jvd.mx\/wp-content\/uploads\/2025\/05\/seche-cheveux-auva-aluminium-image-accueil-jvd.jpg","datePublished":"2025-06-03T08:44:34+00:00","dateModified":"2025-09-17T12:20:12+00:00","description":"JVD meets these needs with a comprehensive range of hair dryers specifically designed for the hospitality sector.","breadcrumb":{"@id":"https:\/\/www.jvd.mx\/en\/hair-dryers\/#breadcrumb"},"inLanguage":"en-US","potentialAction":[{"@type":"ReadAction","target":["https:\/\/www.jvd.mx\/en\/hair-dryers\/"]}]},{"@type":"ImageObject","inLanguage":"en-US","@id":"https:\/\/www.jvd.mx\/en\/hair-dryers\/#primaryimage","url":"https:\/\/www.jvd.mx\/wp-content\/uploads\/2025\/05\/seche-cheveux-auva-aluminium-image-accueil-jvd.jpg","contentUrl":"https:\/\/www.jvd.mx\/wp-content\/uploads\/2025\/05\/seche-cheveux-auva-aluminium-image-accueil-jvd.jpg","width":1920,"height":820},{"@type":"BreadcrumbList","@id":"https:\/\/www.jvd.mx\/en\/hair-dryers\/#breadcrumb","itemListElement":[{"@type":"ListItem","position":1,"name":"Accueil","item":"https:\/\/www.jvd.mx\/en\/"},{"@type":"ListItem","position":2,"name":"Hair Dryers"}]},{"@type":"WebSite","@id":"https:\/\/www.jvd.mx\/en\/#website","url":"https:\/\/www.jvd.mx\/en\/","name":"JVD","description":"Products that care","potentialAction":[{"@type":"SearchAction","target":{"@type":"EntryPoint","urlTemplate":"https:\/\/www.jvd.mx\/en\/?s={search_term_string}"},"query-input":{"@type":"PropertyValueSpecification","valueRequired":true,"valueName":"search_term_string"}}],"inLanguage":"en-US"}]}},"_links":{"self":[{"href":"https:\/\/www.jvd.mx\/en\/wp-json\/wp\/v2\/pages\/4850","targetHints":{"allow":["GET"]}}],"collection":[{"href":"https:\/\/www.jvd.mx\/en\/wp-json\/wp\/v2\/pages"}],"about":[{"href":"https:\/\/www.jvd.mx\/en\/wp-json\/wp\/v2\/types\/page"}],"author":[{"embeddable":true,"href":"https:\/\/www.jvd.mx\/en\/wp-json\/wp\/v2\/users\/1"}],"replies":[{"embeddable":true,"href":"https:\/\/www.jvd.mx\/en\/wp-json\/wp\/v2\/comments?post=4850"}],"version-history":[{"count":9,"href":"https:\/\/www.jvd.mx\/en\/wp-json\/wp\/v2\/pages\/4850\/revisions"}],"predecessor-version":[{"id":60141,"href":"https:\/\/www.jvd.mx\/en\/wp-json\/wp\/v2\/pages\/4850\/revisions\/60141"}],"wp:featuredmedia":[{"embeddable":true,"href":"https:\/\/www.jvd.mx\/en\/wp-json\/wp\/v2\/media\/4414"}],"wp:attachment":[{"href":"https:\/\/www.jvd.mx\/en\/wp-json\/wp\/v2\/media?parent=4850"}],"curies":[{"name":"wp","href":"https:\/\/api.w.org\/{rel}","templated":true}]}}